{"id":817,"date":"2021-12-06T10:33:46","date_gmt":"2021-12-06T10:33:46","guid":{"rendered":"https:\/\/www.cnnt.ro\/?page_id=817"},"modified":"2025-12-11T05:36:05","modified_gmt":"2025-12-11T05:36:05","slug":"activitati-educative","status":"publish","type":"page","link":"https:\/\/www.cnnt.ro\/activitati-educative\/","title":{"rendered":"Activit\u0103\u021bi \/ Proiecte educative la nivel jude\u021bean"},"content":{"rendered":"\t\t<div data-elementor-type=\"wp-page\" data-elementor-id=\"817\" class=\"elementor elementor-817\">\n\t\t\t\t\t\t<section class=\"elementor-section elementor-top-section elementor-element elementor-element-3a4f0f3 elementor-section-boxed elementor-section-height-default elementor-section-height-default\" data-id=\"3a4f0f3\" data-element_type=\"section\">\n\t\t\t\t\t\t<div class=\"elementor-container elementor-column-gap-default\">\n\t\t\t\t\t<div class=\"elementor-column elementor-col-100 elementor-top-column elementor-element elementor-element-f0c5bbb\" data-id=\"f0c5bbb\" data-element_type=\"column\">\n\t\t\t<div class=\"elementor-widget-wrap elementor-element-populated\">\n\t\t\t\t\t\t<div class=\"elementor-element elementor-element-2356b3d elementor-widget elementor-widget-text-editor\" data-id=\"2356b3d\" data-element_type=\"widget\" data-widget_type=\"text-editor.default\">\n\t\t\t\t<div class=\"elementor-widget-container\">\n\t\t\t\t\t\t\t\t\t<hr \/><p><span style=\"color: #0000ff;\"><strong><a style=\"color: #0000ff;\" href=\"https:\/\/www.cnnt.ro\/wp-content\/uploads\/2025\/12\/\u201eEminescu-punte-intre-culturi-Regulament.pdf\">\u201eEminescu &#8211; punte \u00eentre culturi\u201d &#8211; Regulament<\/a><\/strong><\/span><\/p><p><strong style=\"color: #0000ff;\"><a style=\"color: #0000ff;\" href=\"https:\/\/www.cnnt.ro\/wp-content\/uploads\/2025\/07\/Proces-verbal.pdf\">Proiect de parteneriat educativ jude\u021bean \u201eFii st\u0103p\u00e2nul propriei tale vie\u021bi!\u201d, an \u0219c. 2024-2025.pdf<\/a><\/strong><\/p><p><a href=\"https:\/\/www.cnnt.ro\/wp-content\/uploads\/2025\/03\/Proiect-educativ-MARS-FRANCOPHONE-2025.pdf\"><strong><span style=\"color: #0000ff;\">Proiect educativ \u201eMARS FRANCOPHONE\u201d- 2025<\/span><\/strong><\/a><strong><span style=\"color: #0000ff;\">.pdf<\/span><\/strong><\/p><p><span style=\"color: #0000ff;\"><strong><a style=\"color: #0000ff;\" href=\"https:\/\/www.cnnt.ro\/wp-content\/uploads\/2024\/03\/Vive-lamitie-franco-roumaine.pdf\">\u201eVive l&#8217;amiti\u00e9 franco-roumaine! &#8211; Ziua Interna\u021bional\u0103 a Francofoniei\u201d &#8211; 2024 (proiect educativ)<\/a>.pdf<\/strong><\/span><\/p><p><span style=\"color: #0000ff;\"><strong><a style=\"color: #0000ff;\" href=\"https:\/\/www.cnnt.ro\/wp-content\/uploads\/2023\/04\/\u201eSAPTAMANA-VERDE-2023-program-activitati.pdf\">\u201eS\u0102PT\u0102M\u00c2NA VERDE\u201d- programul activit\u0103\u021bilor, 8-12 mai 2023<\/a>.pdf<\/strong><\/span><\/p><p><span style=\"color: #0000ff;\"><strong><a style=\"color: #0000ff;\" href=\"https:\/\/www.cnnt.ro\/wp-content\/uploads\/2023\/04\/Parteneriat-educational-Cerc-Interjudetean-de-Informatica-2023-2-files-merged-2-files-merged.pdf\">Cerc Pedagogic Interjude\u021bean de Informatic\u0103<\/a><a style=\"color: #0000ff;\" href=\"https:\/\/www.cnnt.ro\/wp-content\/uploads\/2023\/04\/Parteneriat-educational-Cerc-Interjudetean-de-Informatica-2023-2-files-merged-2-files-merged.pdf\"> + Parteneriat educa\u021bional, 2023.pdf<\/a><\/strong><\/span><\/p><p><strong><span style=\"color: #0000ff;\"><a style=\"color: #0000ff;\" href=\"https:\/\/www.cnnt.ro\/wp-content\/uploads\/2023\/04\/Proiect-Educational-\u201eLe-francais-cest-cool2-1.pdf\">Proiect educa\u021bional interdisciplinar \u201eLe fran\u00e7ais c&#8217;est cool\u201d-2023.pdf<\/a><\/span><\/strong><\/p><p><strong><span style=\"color: #0000ff;\"><a style=\"color: #0000ff;\" href=\"https:\/\/www.cnnt.ro\/wp-content\/uploads\/2023\/02\/Metodologie_Saptamana_Verde.pdf\">Metodologia \u201eS\u0103pt\u0103m\u00e2na Verde\u201d.pdf<\/a><\/span><\/strong><\/p><p><strong><span style=\"color: #0000ff;\"><a style=\"color: #0000ff;\" href=\"https:\/\/www.cnnt.ro\/wp-content\/uploads\/2022\/06\/Proiect-educativ-\u201eUnde-esti-copilarie-2022.pdf\">Proiect educativ \u201eUnde e\u0219ti copil\u0103rie&#8230;\u201d, 2022.pdf<\/a><\/span><\/strong><\/p><p><span style=\"color: #0000ff;\"><strong><a style=\"color: #0000ff;\" href=\"https:\/\/www.cnnt.ro\/wp-content\/uploads\/2022\/05\/Proiect-educativ-Europa-suntem-noi-mai-2022.pdf.pdf\">Proiect educativ \u201eEuropa suntem noi\u201d, mai 2022.pdf<\/a><\/strong><\/span><\/p><p><strong><span style=\"color: #0000ff;\"><a style=\"color: #0000ff;\" href=\"https:\/\/www.cnnt.ro\/wp-content\/uploads\/2022\/02\/Fa_Rai_din_ce_ai-1.pdf\">Proiect educativ \u201eF\u0103 Rai din ce ai!\u201d.pdf<\/a><\/span><\/strong><\/p><p><span style=\"color: #0000ff;\"><em><strong><a style=\"color: #0000ff;\" href=\"https:\/\/www.cnnt.ro\/wp-content\/uploads\/2022\/02\/PARTENERIAT-EDUCATIONAL-PROTEJAM-NATURA-PENTRU-VIATA.pdf\">Parteneriat Educa\u021bional- \u201ePROTEJ\u0102M NATURA PENTRU VIA\u021a\u0102\u201d.pdf<\/a><\/strong><\/em><\/span><\/p><p><span style=\"color: #0000ff;\"><strong><a style=\"color: #0000ff;\" href=\"https:\/\/www.cnnt.ro\/wp-content\/uploads\/2022\/04\/Simpozion-national-metodico-stiintific-Stiintele-si-abordarea-lor-interdisciplinara-2022.pdf\">Simpozion na\u021bional metodico-\u0219tiin\u021bific &#8211; \u201e\u0218tiin\u021bele \u0219i abordarea lor interdisciplinar\u0103\u201d, 2022.pdf<\/a><\/strong><\/span><\/p><p><em><strong><span style=\"color: #0000ff;\"><a style=\"color: #0000ff;\" href=\"https:\/\/www.cnnt.ro\/wp-content\/uploads\/2021\/12\/Parteneriat-S.N.A.C..pdf\">Parteneriat S.N.A.C. &#8211; \u201eSUFLET PENTRU SUFLET\u201d.<\/a>pdf<\/span><\/strong><\/em><\/p><p><span style=\"color: #0000ff;\"><strong><a style=\"color: #0000ff;\" href=\"https:\/\/www.cnnt.ro\/wp-content\/uploads\/2021\/12\/FESTIVALUL-BRAZILOR-DE-CRACIUN-2021.pdf\">Proiect educativ \u201ePOVESTE DE CR\u0102CIUN\u201d (22 &#8211; 26.11.2021).pdf<\/a><\/strong><\/span><\/p><p><strong><span style=\"color: #0000ff;\"><a style=\"color: #0000ff;\" href=\"https:\/\/www.cnnt.ro\/wp-content\/uploads\/2021\/12\/PROGRAM-PROIECT-POVESTE-DE-CRACIUN-2021_1-2-files-merged.pdf\">Program de desf\u0103\u0219urare a proiectului \u201ePOVESTE DE CR\u0102CIUN\u201d-2021.pdf<\/a><\/span><\/strong><\/p><p><span style=\"color: #0000ff;\"><em><strong><a style=\"color: #0000ff;\" href=\"https:\/\/www.cnnt.ro\/wp-content\/uploads\/2021\/12\/BRAD1-16-files-merged-1.pdf\">FESTIVALUL BRAZILOR DE CR\u0102CIUN &#8211; 2021 (FOTO-1).pdf<\/a><\/strong><\/em><\/span><\/p><p><span style=\"color: #0000ff;\"><em><strong><a style=\"color: #0000ff;\" href=\"https:\/\/www.cnnt.ro\/wp-content\/uploads\/2021\/12\/BRAD-1-12-files-merged.pdf\">FESTIVALUL BRAZILOR DE CR\u0102CIUN &#8211; 2021 (FOTO-2).pdf<\/a><\/strong><\/em><\/span><\/p>\t\t\t\t\t\t\t\t<\/div>\n\t\t\t\t<\/div>\n\t\t\t\t\t<\/div>\n\t\t<\/div>\n\t\t\t\t\t<\/div>\n\t\t<\/section>\n\t\t\t\t<\/div>\n\t\t","protected":false},"excerpt":{"rendered":"<p>\u201eEminescu &#8211; punte \u00eentre culturi\u201d &#8211; Regulament Proiect de parteneriat educativ jude\u021bean \u201eFii st\u0103p\u00e2nul propriei tale vie\u021bi!\u201d, an \u0219c. 2024-2025.pdf Proiect educativ \u201eMARS FRANCOPHONE\u201d- 2025.pdf \u201eVive l&#8217;amiti\u00e9 franco-roumaine! &#8211; Ziua Interna\u021bional\u0103 a Francofoniei\u201d &#8211; 2024 (proiect educativ).pdf \u201eS\u0102PT\u0102M\u00c2NA VERDE\u201d- programul activit\u0103\u021bilor, 8-12 mai 2023.pdf Cerc Pedagogic Interjude\u021bean de Informatic\u0103 + Parteneriat educa\u021bional, 2023.pdf Proiect educa\u021bional [&hellip;]<\/p>\n","protected":false},"author":1,"featured_media":0,"parent":0,"menu_order":0,"comment_status":"closed","ping_status":"closed","template":"","meta":{"footnotes":""},"_links":{"self":[{"href":"https:\/\/www.cnnt.ro\/wp-json\/wp\/v2\/pages\/817"}],"collection":[{"href":"https:\/\/www.cnnt.ro\/wp-json\/wp\/v2\/pages"}],"about":[{"href":"https:\/\/www.cnnt.ro\/wp-json\/wp\/v2\/types\/page"}],"author":[{"embeddable":true,"href":"https:\/\/www.cnnt.ro\/wp-json\/wp\/v2\/users\/1"}],"replies":[{"embeddable":true,"href":"https:\/\/www.cnnt.ro\/wp-json\/wp\/v2\/comments?post=817"}],"version-history":[{"count":113,"href":"https:\/\/www.cnnt.ro\/wp-json\/wp\/v2\/pages\/817\/revisions"}],"predecessor-version":[{"id":2230,"href":"https:\/\/www.cnnt.ro\/wp-json\/wp\/v2\/pages\/817\/revisions\/2230"}],"wp:attachment":[{"href":"https:\/\/www.cnnt.ro\/wp-json\/wp\/v2\/media?parent=817"}],"curies":[{"name":"wp","href":"https:\/\/api.w.org\/{rel}","templated":true}]}}